{"id":2504,"date":"2024-10-08T00:06:03","date_gmt":"2024-10-08T04:06:03","guid":{"rendered":"https:\/\/gymnasticscan.wpenginepowered.com\/?post_type=discipline&#038;p=2504"},"modified":"2026-03-27T08:34:56","modified_gmt":"2026-03-27T12:34:56","slug":"gymnastique-artistique-feminine","status":"publish","type":"discipline","link":"https:\/\/gymcan.org\/fr\/discipline\/gymnastique-artistique-feminine\/","title":{"rendered":"Gymnastique artistique f\u00e9minine"},"content":{"rendered":"\n<p>La gymnastique artistique f\u00e9minine est la parfaite fusion entre force, souplesse et gr\u00e2ce ! Les athl\u00e8tes \u00e9voluent \u00e0 travers quatre \u00e9preuves spectaculaires, o\u00f9 chaque mouvement ex\u00e9cut\u00e9 demande une ma\u00eetrise absolue et une grande pr\u00e9cision. Les gymnastes encha\u00eenent des mouvements acrobatiques \u00e9poustouflants tout en d\u00e9montrant fluidit\u00e9 et \u00e9l\u00e9gance, captivant ainsi le public avec des performances alliant puissance et l\u00e9g\u00e8ret\u00e9.<\/p>\n","protected":false},"excerpt":{"rendered":"<p>Du saut explosif aux barres asym\u00e9triques, les gymnastes f\u00e9minines concourent dans quatre \u00e9preuves, ex\u00e9cutant des routines complexes avec des sauts, des flips et des pirouettes.<\/p>\n","protected":false},"featured_media":3300,"parent":0,"template":"","class_list":["post-2504","discipline","type-discipline","status-publish","has-post-thumbnail","hentry"],"aioseo_notices":[],"meta_box":{"discipline_image_gallery":[{"width":150,"height":150,"file":"2024\/10\/GymCan-WomensArtisticGallery-1.jpg","filesize":108698,"sizes":{"medium":{"file":"GymCan-WomensArtisticGallery-1-300x200.jpg","width":300,"height":200,"mime-type":"image\/jpeg","filesize":41414,"url":"https:\/\/gymcan.org\/wp-content\/uploads\/2024\/10\/GymCan-WomensArtisticGallery-1-300x200.jpg"},"thumbnail":{"file":"GymCan-WomensArtisticGallery-1-150x150.jpg","width":150,"height":150,"mime-type":"image\/jpeg","filesize":32428,"url":"https:\/\/gymcan.org\/wp-content\/uploads\/2024\/10\/GymCan-WomensArtisticGallery-1-150x150.jpg"},"medium_large":{"file":"GymCan-WomensArtisticGallery-1-768x512.jpg","width":768,"height":512,"mime-type":"image\/jpeg","filesize":90555,"url":"https:\/\/gymcan.org\/wp-content\/uploads\/2024\/10\/GymCan-WomensArtisticGallery-1-768x512.jpg"}},"image_meta":{"aperture":"1.2","credit":"Antoine Saito","camera":"Canon EOS R3","caption":"","created_timestamp":"1717806852","copyright":"Antoine Saito 2023","focal_length":"85","iso":"1250","shutter_speed":"0.0004","title":"COPYRYGHT ANTOINE SAITO 2024","orientation":"1","keywords":["2024 ARTISTIC GYMNASTICS CANADIAN CHAMPIONSHIPS","Ava STEWART","CHAMPIONNATS CANADIENS DE GYMNASTIQUE ARTISTIQUE 2024","WAG-SENIOR"]},"ID":"4588","name":"GymCan-WomensArtisticGallery-1.jpg","path":"\/nas\/content\/live\/gymnasticscan\/wp-content\/uploads\/2024\/10\/GymCan-WomensArtisticGallery-1.jpg","url":"https:\/\/gymcan.org\/wp-content\/uploads\/2024\/10\/GymCan-WomensArtisticGallery-1-150x150.jpg","full_url":"https:\/\/gymcan.org\/wp-content\/uploads\/2024\/10\/GymCan-WomensArtisticGallery-1.jpg","title":"COPYRYGHT ANTOINE SAITO 2024","caption":"","description":"","alt":"","srcset":false},{"width":150,"height":150,"file":"2024\/10\/GymCan-WomensArtisticGallery-2.jpg","filesize":84165,"sizes":{"medium":{"file":"GymCan-WomensArtisticGallery-2-300x200.jpg","width":300,"height":200,"mime-type":"image\/jpeg","filesize":30364,"url":"https:\/\/gymcan.org\/wp-content\/uploads\/2024\/10\/GymCan-WomensArtisticGallery-2-300x200.jpg"},"thumbnail":{"file":"GymCan-WomensArtisticGallery-2-150x150.jpg","width":150,"height":150,"mime-type":"image\/jpeg","filesize":25618,"url":"https:\/\/gymcan.org\/wp-content\/uploads\/2024\/10\/GymCan-WomensArtisticGallery-2-150x150.jpg"},"medium_large":{"file":"GymCan-WomensArtisticGallery-2-768x512.jpg","width":768,"height":512,"mime-type":"image\/jpeg","filesize":61846,"url":"https:\/\/gymcan.org\/wp-content\/uploads\/2024\/10\/GymCan-WomensArtisticGallery-2-768x512.jpg"}},"image_meta":{"aperture":"2.8","credit":"Antoine Saito","camera":"Canon EOS R5","caption":"","created_timestamp":"1717877892","copyright":"Antoine Saito 2023","focal_length":"168","iso":"6400","shutter_speed":"0.0005","title":"COPYRYGHT ANTOINE SAITO 2024","orientation":"1","keywords":["2024 ACROBATIC CANADIAN CHAMPIONSHIPS","CHAMPIONNATS CANADIENS DE GYMNASTIQUE ACROBATIQUE 2024","WAG-NOVICE"]},"ID":"4590","name":"GymCan-WomensArtisticGallery-2.jpg","path":"\/nas\/content\/live\/gymnasticscan\/wp-content\/uploads\/2024\/10\/GymCan-WomensArtisticGallery-2.jpg","url":"https:\/\/gymcan.org\/wp-content\/uploads\/2024\/10\/GymCan-WomensArtisticGallery-2-150x150.jpg","full_url":"https:\/\/gymcan.org\/wp-content\/uploads\/2024\/10\/GymCan-WomensArtisticGallery-2.jpg","title":"COPYRYGHT ANTOINE SAITO 2024","caption":"","description":"","alt":"","srcset":false},{"width":150,"height":150,"file":"2024\/10\/GymCan-WomensArtisticGallery-3.jpg","filesize":91019,"sizes":{"medium":{"file":"GymCan-WomensArtisticGallery-3-300x200.jpg","width":300,"height":200,"mime-type":"image\/jpeg","filesize":32800,"url":"https:\/\/gymcan.org\/wp-content\/uploads\/2024\/10\/GymCan-WomensArtisticGallery-3-300x200.jpg"},"thumbnail":{"file":"GymCan-WomensArtisticGallery-3-150x150.jpg","width":150,"height":150,"mime-type":"image\/jpeg","filesize":27147,"url":"https:\/\/gymcan.org\/wp-content\/uploads\/2024\/10\/GymCan-WomensArtisticGallery-3-150x150.jpg"},"medium_large":{"file":"GymCan-WomensArtisticGallery-3-768x512.jpg","width":768,"height":512,"mime-type":"image\/jpeg","filesize":68947,"url":"https:\/\/gymcan.org\/wp-content\/uploads\/2024\/10\/GymCan-WomensArtisticGallery-3-768x512.jpg"}},"image_meta":{"aperture":"2.8","credit":"Antoine Saito","camera":"Canon EOS R5","caption":"","created_timestamp":"1717879030","copyright":"Antoine Saito 2023","focal_length":"158","iso":"6400","shutter_speed":"0.0005","title":"COPYRYGHT ANTOINE SAITO 2024","orientation":"1","keywords":["2024 ACROBATIC CANADIAN CHAMPIONSHIPS","CHAMPIONNATS CANADIENS DE GYMNASTIQUE ACROBATIQUE 2024","WAG-NOVICE"]},"ID":"4592","name":"GymCan-WomensArtisticGallery-3.jpg","path":"\/nas\/content\/live\/gymnasticscan\/wp-content\/uploads\/2024\/10\/GymCan-WomensArtisticGallery-3.jpg","url":"https:\/\/gymcan.org\/wp-content\/uploads\/2024\/10\/GymCan-WomensArtisticGallery-3-150x150.jpg","full_url":"https:\/\/gymcan.org\/wp-content\/uploads\/2024\/10\/GymCan-WomensArtisticGallery-3.jpg","title":"COPYRYGHT ANTOINE SAITO 2024","caption":"","description":"","alt":"","srcset":false},{"width":150,"height":150,"file":"2024\/10\/GymCan-WomensArtisticGallery-4.jpg","filesize":158660,"sizes":{"medium":{"file":"GymCan-WomensArtisticGallery-4-300x200.jpg","width":300,"height":200,"mime-type":"image\/jpeg","filesize":43896,"url":"https:\/\/gymcan.org\/wp-content\/uploads\/2024\/10\/GymCan-WomensArtisticGallery-4-300x200.jpg"},"thumbnail":{"file":"GymCan-WomensArtisticGallery-4-150x150.jpg","width":150,"height":150,"mime-type":"image\/jpeg","filesize":31429,"url":"https:\/\/gymcan.org\/wp-content\/uploads\/2024\/10\/GymCan-WomensArtisticGallery-4-150x150.jpg"},"medium_large":{"file":"GymCan-WomensArtisticGallery-4-768x512.jpg","width":768,"height":512,"mime-type":"image\/jpeg","filesize":119780,"url":"https:\/\/gymcan.org\/wp-content\/uploads\/2024\/10\/GymCan-WomensArtisticGallery-4-768x512.jpg"}},"image_meta":{"aperture":"4","credit":"Antoine Saito","camera":"Canon EOS R3","caption":"","created_timestamp":"1717969513","copyright":"Antoine Saito 2023","focal_length":"24","iso":"6400","shutter_speed":"0.001","title":"COPYRYGHT ANTOINE SAITO 2024","orientation":"1","keywords":["2024 ACROBATIC CANADIAN CHAMPIONSHIPS","CHAMPIONNATS CANADIENS DE GYMNASTIQUE ACROBATIQUE 2024","Shallon OLSEN","WAG-SENIOR"]},"ID":"4594","name":"GymCan-WomensArtisticGallery-4.jpg","path":"\/nas\/content\/live\/gymnasticscan\/wp-content\/uploads\/2024\/10\/GymCan-WomensArtisticGallery-4.jpg","url":"https:\/\/gymcan.org\/wp-content\/uploads\/2024\/10\/GymCan-WomensArtisticGallery-4-150x150.jpg","full_url":"https:\/\/gymcan.org\/wp-content\/uploads\/2024\/10\/GymCan-WomensArtisticGallery-4.jpg","title":"COPYRYGHT ANTOINE SAITO 2024","caption":"","description":"","alt":"","srcset":false},{"width":150,"height":150,"file":"2024\/10\/GymCan-WomensArtisticGallery-5.jpg","filesize":80162,"sizes":{"medium":{"file":"GymCan-WomensArtisticGallery-5-300x200.jpg","width":300,"height":200,"mime-type":"image\/jpeg","filesize":26882,"url":"https:\/\/gymcan.org\/wp-content\/uploads\/2024\/10\/GymCan-WomensArtisticGallery-5-300x200.jpg"},"thumbnail":{"file":"GymCan-WomensArtisticGallery-5-150x150.jpg","width":150,"height":150,"mime-type":"image\/jpeg","filesize":21970,"url":"https:\/\/gymcan.org\/wp-content\/uploads\/2024\/10\/GymCan-WomensArtisticGallery-5-150x150.jpg"},"medium_large":{"file":"GymCan-WomensArtisticGallery-5-768x512.jpg","width":768,"height":512,"mime-type":"image\/jpeg","filesize":59538,"url":"https:\/\/gymcan.org\/wp-content\/uploads\/2024\/10\/GymCan-WomensArtisticGallery-5-768x512.jpg"}},"image_meta":{"aperture":"2.8","credit":"Antoine Saito","camera":"Canon EOS R3","caption":"","created_timestamp":"1710030681","copyright":"Antoine Saito 2023","focal_length":"300","iso":"6400","shutter_speed":"0.0005","title":"COPYRYGHT ANTOINE SAITO 2024","orientation":"1","keywords":["IG2024","JUNIOR CUP"]},"ID":"4596","name":"GymCan-WomensArtisticGallery-5.jpg","path":"\/nas\/content\/live\/gymnasticscan\/wp-content\/uploads\/2024\/10\/GymCan-WomensArtisticGallery-5.jpg","url":"https:\/\/gymcan.org\/wp-content\/uploads\/2024\/10\/GymCan-WomensArtisticGallery-5-150x150.jpg","full_url":"https:\/\/gymcan.org\/wp-content\/uploads\/2024\/10\/GymCan-WomensArtisticGallery-5.jpg","title":"COPYRYGHT ANTOINE SAITO 2024","caption":"","description":"","alt":"","srcset":false},{"width":150,"height":150,"file":"2024\/10\/GymCan-WomensArtisticGallery-6.jpg","filesize":99910,"sizes":{"medium":{"file":"GymCan-WomensArtisticGallery-6-300x200.jpg","width":300,"height":200,"mime-type":"image\/jpeg","filesize":35791,"url":"https:\/\/gymcan.org\/wp-content\/uploads\/2024\/10\/GymCan-WomensArtisticGallery-6-300x200.jpg"},"thumbnail":{"file":"GymCan-WomensArtisticGallery-6-150x150.jpg","width":150,"height":150,"mime-type":"image\/jpeg","filesize":27409,"url":"https:\/\/gymcan.org\/wp-content\/uploads\/2024\/10\/GymCan-WomensArtisticGallery-6-150x150.jpg"},"medium_large":{"file":"GymCan-WomensArtisticGallery-6-768x512.jpg","width":768,"height":512,"mime-type":"image\/jpeg","filesize":83438,"url":"https:\/\/gymcan.org\/wp-content\/uploads\/2024\/10\/GymCan-WomensArtisticGallery-6-768x512.jpg"}},"image_meta":{"aperture":"2.8","credit":"Antoine Saito","camera":"Canon EOS R3","caption":"","created_timestamp":"1710107878","copyright":"Antoine Saito 2023","focal_length":"135","iso":"6400","shutter_speed":"0.003125","title":"COPYRYGHT ANTOINE SAITO 2024","orientation":"1","keywords":["FINALES INTERNATIONALES","IG2024"]},"ID":"4598","name":"GymCan-WomensArtisticGallery-6.jpg","path":"\/nas\/content\/live\/gymnasticscan\/wp-content\/uploads\/2024\/10\/GymCan-WomensArtisticGallery-6.jpg","url":"https:\/\/gymcan.org\/wp-content\/uploads\/2024\/10\/GymCan-WomensArtisticGallery-6-150x150.jpg","full_url":"https:\/\/gymcan.org\/wp-content\/uploads\/2024\/10\/GymCan-WomensArtisticGallery-6.jpg","title":"COPYRYGHT ANTOINE SAITO 2024","caption":"","description":"","alt":"","srcset":false},{"width":150,"height":150,"file":"2024\/10\/GymCan-WomensArtisticGallery-7.jpg","filesize":73486,"sizes":{"medium":{"file":"GymCan-WomensArtisticGallery-7-300x200.jpg","width":300,"height":200,"mime-type":"image\/jpeg","filesize":21836,"url":"https:\/\/gymcan.org\/wp-content\/uploads\/2024\/10\/GymCan-WomensArtisticGallery-7-300x200.jpg"},"thumbnail":{"file":"GymCan-WomensArtisticGallery-7-150x150.jpg","width":150,"height":150,"mime-type":"image\/jpeg","filesize":16804,"url":"https:\/\/gymcan.org\/wp-content\/uploads\/2024\/10\/GymCan-WomensArtisticGallery-7-150x150.jpg"},"medium_large":{"file":"GymCan-WomensArtisticGallery-7-768x512.jpg","width":768,"height":512,"mime-type":"image\/jpeg","filesize":53693,"url":"https:\/\/gymcan.org\/wp-content\/uploads\/2024\/10\/GymCan-WomensArtisticGallery-7-768x512.jpg"}},"image_meta":{"aperture":"3.5","credit":"Canadian Olympic Committee","camera":"ILCE-1","caption":"Team Canada\u2019s Elsabeth Black competes on the balance beam in the Artistic Gymnastics Women's Qualification during the 2024 Paris Olympics Games in France on Sunday, July 28, 2024. Photo by Candice Ward\/COC *MANDATORY CREDIT*","created_timestamp":"1722189467","copyright":"\u00a9 2024 Canadian Olympic Committee","focal_length":"102","iso":"2500","shutter_speed":"0.0005","title":"","orientation":"1","keywords":["Paris 2024","Olympics","Artisitc Gymanastics","Elsabeth Black"]},"ID":"4600","name":"GymCan-WomensArtisticGallery-7.jpg","path":"\/nas\/content\/live\/gymnasticscan\/wp-content\/uploads\/2024\/10\/GymCan-WomensArtisticGallery-7.jpg","url":"https:\/\/gymcan.org\/wp-content\/uploads\/2024\/10\/GymCan-WomensArtisticGallery-7-150x150.jpg","full_url":"https:\/\/gymcan.org\/wp-content\/uploads\/2024\/10\/GymCan-WomensArtisticGallery-7.jpg","title":"GymCan-WomensArtisticGallery-7","caption":"Team Canada\u2019s Elsabeth Black competes on the balance beam in the Artistic Gymnastics Women's Qualification during the 2024 Paris Olympics Games in France on Sunday, July 28, 2024. Photo by Candice Ward\/COC *MANDATORY CREDIT*","description":"","alt":"","srcset":false},{"width":150,"height":150,"file":"2024\/10\/GymCan-WomensArtisticGallery-8.jpg","filesize":169234,"sizes":{"medium":{"file":"GymCan-WomensArtisticGallery-8-300x200.jpg","width":300,"height":200,"mime-type":"image\/jpeg","filesize":48366,"url":"https:\/\/gymcan.org\/wp-content\/uploads\/2024\/10\/GymCan-WomensArtisticGallery-8-300x200.jpg"},"thumbnail":{"file":"GymCan-WomensArtisticGallery-8-150x150.jpg","width":150,"height":150,"mime-type":"image\/jpeg","filesize":34672,"url":"https:\/\/gymcan.org\/wp-content\/uploads\/2024\/10\/GymCan-WomensArtisticGallery-8-150x150.jpg"},"medium_large":{"file":"GymCan-WomensArtisticGallery-8-768x511.jpg","width":768,"height":511,"mime-type":"image\/jpeg","filesize":130361,"url":"https:\/\/gymcan.org\/wp-content\/uploads\/2024\/10\/GymCan-WomensArtisticGallery-8-768x511.jpg"}},"image_meta":{"aperture":"4.5","credit":"Photo: Filippo Tomasi Photograph","camera":"NIKON Z 6_2","caption":"WCh Liverpool Artistic Gymnastics captured at M&amp;S Bank Arena, Liverpool on 01.Nov.2022 by Filippo Tomasi Photography","created_timestamp":"1667342864","copyright":"\u00a9 Copyright: Filippo Tomasi Photography 2022 - Filippo Tomasi All RIghts Reserved\rRIPRODUZIONE RISERVATA","focal_length":"24","iso":"2500","shutter_speed":"0.004","title":"WCh Liverpool Artistic Gymnastics","orientation":"1","keywords":["2022","Filippo Tomasi","Great Britain","WCh Liverpool Artistic Gymnastics","artistic","gymnastics","nikon","www.filippotomasi.com"]},"ID":"4602","name":"GymCan-WomensArtisticGallery-8.jpg","path":"\/nas\/content\/live\/gymnasticscan\/wp-content\/uploads\/2024\/10\/GymCan-WomensArtisticGallery-8.jpg","url":"https:\/\/gymcan.org\/wp-content\/uploads\/2024\/10\/GymCan-WomensArtisticGallery-8-150x150.jpg","full_url":"https:\/\/gymcan.org\/wp-content\/uploads\/2024\/10\/GymCan-WomensArtisticGallery-8.jpg","title":"WCh Liverpool Artistic Gymnastics","caption":"WCh Liverpool Artistic Gymnastics captured at M&amp;S Bank Arena, Liverpool on 01.Nov.2022 by Filippo Tomasi Photography","description":"","alt":"","srcset":false},{"width":150,"height":150,"file":"2024\/10\/GymCan-WomensArtisticGallery-9.jpg","filesize":91967,"sizes":{"medium":{"file":"GymCan-WomensArtisticGallery-9-300x200.jpg","width":300,"height":200,"mime-type":"image\/jpeg","filesize":32396,"url":"https:\/\/gymcan.org\/wp-content\/uploads\/2024\/10\/GymCan-WomensArtisticGallery-9-300x200.jpg"},"thumbnail":{"file":"GymCan-WomensArtisticGallery-9-150x150.jpg","width":150,"height":150,"mime-type":"image\/jpeg","filesize":26364,"url":"https:\/\/gymcan.org\/wp-content\/uploads\/2024\/10\/GymCan-WomensArtisticGallery-9-150x150.jpg"},"medium_large":{"file":"GymCan-WomensArtisticGallery-9-768x511.jpg","width":768,"height":511,"mime-type":"image\/jpeg","filesize":69894,"url":"https:\/\/gymcan.org\/wp-content\/uploads\/2024\/10\/GymCan-WomensArtisticGallery-9-768x511.jpg"}},"image_meta":{"aperture":"2.8","credit":"Filippo Tomasi","camera":"NIKON Z 6_2","caption":"Worlds 23 Antwerp captured at Antwerp Sportpaleis, Antwerp on 02.Oct.2023 by Filippo Tomasi Photography","created_timestamp":"1696266538","copyright":"\u00a9 FILIPPO TOMASI","focal_length":"160","iso":"3200","shutter_speed":"0.000625","title":"\u00a9 FILIPPO TOMASI","orientation":"1","keywords":["2023","Belgium","Filippo Tomasi","Worlds 23 Antwerp","artistica","artistics","gymnastics","nikon","www.filippotomasi.com"]},"ID":"4604","name":"GymCan-WomensArtisticGallery-9.jpg","path":"\/nas\/content\/live\/gymnasticscan\/wp-content\/uploads\/2024\/10\/GymCan-WomensArtisticGallery-9.jpg","url":"https:\/\/gymcan.org\/wp-content\/uploads\/2024\/10\/GymCan-WomensArtisticGallery-9-150x150.jpg","full_url":"https:\/\/gymcan.org\/wp-content\/uploads\/2024\/10\/GymCan-WomensArtisticGallery-9.jpg","title":"\u00a9 FILIPPO TOMASI","caption":"Worlds 23 Antwerp captured at Antwerp Sportpaleis, Antwerp on 02.Oct.2023 by Filippo Tomasi Photography","description":"","alt":"","srcset":false}],"discipline_apparatus_group":[{"discipline_apparatus":"<p><strong>Saut :<\/strong> les gymnastes courent sur une piste avant de s'\u00e9lancer sur un tremplin puis une table de saut pour ex\u00e9cuter des prouesses acrobatiques a\u00e9riennes compos\u00e9es de saltos et de vrilles.<\/p>"},{"discipline_apparatus":"<p><strong>Barres asym\u00e9triques :<\/strong> les athl\u00e8tes encha\u00eenent des balanc\u00e9s, des rotations et des l\u00e2chers, passant d\u2019une barre \u00e0 l\u2019autre avec fluidit\u00e9 et puissance, tout en contr\u00f4lant chaque mouvement pour garantir des transitions parfaites.<\/p>"},{"discipline_apparatus":"<p><strong>Poutre :<\/strong> les gymnastes ex\u00e9cutent des \u00e9l\u00e9ments acrobatiques complexes, combinant des sauts, des tours, des saltos et des vrilles, tout en maintenant une pr\u00e9cision absolue et un contr\u00f4le parfait de leur corps qui doit rester en \u00e9quilibre sur cet engin \u00e9troit.<\/p>"},{"discipline_apparatus":"<p><strong>Sol :<\/strong> les athl\u00e8tes pr\u00e9sentent, sur un praticable \u00e0 ressorts, une routine chor\u00e9graphi\u00e9e mariant tumbling, sauts, danse et expression, le tout en synchronisation avec de la musique mettant en valeur la puissance et l'\u00e9l\u00e9gance.<\/p>"}],"discipline_committees":"<p><strong>Comit\u00e9 du programme GAF<\/strong><\/p>\n<p>Jenny Trew - Gestionnaire de programme - Pr\u00e9sidente <br \/>Vacant - Membre \u00e9lu\u00b7e - WPA - Pr\u00e9sident\u00b7e de l'assembl\u00e9e des programmes <br \/>Chris Baraniuk -\u202fMembre \u00e9lu - WPA <br \/>Claude Pelletier -\u202fMembre \u00e9lu - Comit\u00e9 des entra\u00eeneur\u00b7e\u00b7s de l'\u00e9quipe nationale <br \/>Emma Spence -\u202fMembre \u00e9lue - Comit\u00e9 des athl\u00e8tes <br \/>Sheri Wilson -\u202fPr\u00e9sidente du JDWG\/juge nomm\u00e9e <br \/>Dany Gilbert -\u202fNomm\u00e9 par WPC - Membre \u00e0 titre individuel <br \/>Jeremy Mosier -\u202fNomm\u00e9 par WPC - Membre \u00e0 titre individuel <br \/>Jayne Geddes -\u202fNomm\u00e9e par le CMP - Membre \u00e0 titre individuel<\/p>\n<p><strong>Groupe de travail sur le d\u00e9veloppement des juges<\/strong><\/p>\n<p>Sheri Wilson\u202f <br \/>Andr\u00e9e Montreuil\u202f <br \/>Carolyn Foster\u202f <br \/>H\u00e9l\u00e8ne Lalibert\u00e9 <br \/>Brady Spencer\u202f <br \/>Jenny Trew<\/p>\n","discipline_technical_info_link":"https:\/\/activitymessenger.com\/org\/2366\/page\/3Tq8JrD\/gymnastique-artistique-feminine","discipline_video_link":"","discipline_funfacts_group":[{"discipline_fun_fact":"<p>Ellie Black est entr\u00e9e dans l'histoire en devenant la seule gymnaste canadienne \u00e0 participer \u00e0 quatre Jeux olympiques : Londres 2012, Rio 2016, Tokyo 2020 et Paris 2024.<\/p>"},{"discipline_fun_fact":"<p>Aux Championnats du monde de 2022, le Canada a remport\u00e9 sa toute premi\u00e8re m\u00e9daille par \u00e9quipe aux Championnats du monde. Ellie Black, Laurie Denomm\u00e9e, Denelle Pedrick, Emma Spence et Sydney Turner ont remport\u00e9 une m\u00e9daille de bronze historique, marquant une \u00e9tape importante pour la gymnastique canadienne sur la sc\u00e8ne internationale.<\/p>"},{"discipline_fun_fact":"<p>Le Canada a fi\u00e8rement accueilli les Championnats du monde de gymnastique artistique FIG en 2017 \u00e0 Montr\u00e9al, o\u00f9 Ellie Black a remport\u00e9 une m\u00e9daille d'argent \u00e0 la finale du concours g\u00e9n\u00e9ral. Il s'agissait de la toute premi\u00e8re m\u00e9daille canadienne au Championnat du monde du concours g\u00e9n\u00e9ral.<\/p>"},{"discipline_fun_fact":"<p>Shallon Olsen s'est qualifi\u00e9e pour une troisi\u00e8me finale olympique cons\u00e9cutive au saut aux Jeux de Paris en 2024, consolidant ainsi sa position dans le classement mondial des meilleures gymnastes \u00e0 la table de saut. Dominante \u00e0 cet engin, Shallon a \u00e9t\u00e9 couronn\u00e9e championne canadienne de 2016 \u00e0 2024 et a remport\u00e9 l'argent en 2025.<\/p>"}],"team-canada-athlete-to-discipline_from":[902,1584,1879,1885,1893,1897,907,909,1913,1917,1919,1921,1923,1926,911,1933,910,1935]},"_links":{"self":[{"href":"https:\/\/gymcan.org\/fr\/wp-json\/wp\/v2\/discipline\/2504","targetHints":{"allow":["GET"]}}],"collection":[{"href":"https:\/\/gymcan.org\/fr\/wp-json\/wp\/v2\/discipline"}],"about":[{"href":"https:\/\/gymcan.org\/fr\/wp-json\/wp\/v2\/types\/discipline"}],"version-history":[{"count":0,"href":"https:\/\/gymcan.org\/fr\/wp-json\/wp\/v2\/discipline\/2504\/revisions"}],"wp:featuredmedia":[{"embeddable":true,"href":"https:\/\/gymcan.org\/fr\/wp-json\/wp\/v2\/media\/3300"}],"wp:attachment":[{"href":"https:\/\/gymcan.org\/fr\/wp-json\/wp\/v2\/media?parent=2504"}],"curies":[{"name":"wp","href":"https:\/\/api.w.org\/{rel}","templated":true}]}}